{"id":118,"date":"2018-10-20T21:33:17","date_gmt":"2018-10-20T19:33:17","guid":{"rendered":"http:\/\/testlogo.weissl.com\/?page_id=118"},"modified":"2025-07-20T11:32:00","modified_gmt":"2025-07-20T09:32:00","slug":"kinder","status":"publish","type":"page","link":"https:\/\/www.logopaedie-weissl.at\/index.php\/kinder\/","title":{"rendered":"Kinder"},"content":{"rendered":"<h1 style=\"text-align: center;\"><span style=\"font-family: 'trebuchet ms', geneva, sans-serif; color: #339966;\"><em><strong>Kinder<\/strong><\/em><\/span><\/h1>\n<p>Ich biete Beratung, Diagnostik und Therapie bei folgenden St\u00f6rungsbildern:<\/p>\n<h3 style=\"text-align: center;\"><span style=\"color: #339966;\"><a style=\"color: #339966;\" href=\"http:\/\/www.logopaedie-weissl.at\/index.php\/sprache\/#Aussprachestoerungen\"><span style=\"font-family: 'trebuchet ms', geneva, sans-serif;\"><em>Aussprachest\u00f6rungen<\/em><\/span><\/a><\/span><\/h3>\n<p>Laute werden ausgelassen, ersetzt oder falsch gebildet<\/p>\n<h3 style=\"text-align: center;\"><a href=\"http:\/\/www.logopaedie-weissl.at\/index.php\/rund-um-den-mund\/#Myo\"><span style=\"font-family: 'trebuchet ms', geneva, sans-serif; color: #339966;\"><em>Myofunktionelle St\u00f6rungen<\/em><\/span><\/a><\/h3>\n<p>Mundatmung, falsche Zungenruhelage und Schluckmuster, Zahnfehlstellungen, frontoffener Biss, meist in Kombination mit Aussprachest\u00f6rungen<\/p>\n<h3 style=\"text-align: center;\"><a href=\"http:\/\/www.logopaedie-weissl.at\/index.php\/sprache\/#Dysgrammatismus\"><span style=\"font-family: 'trebuchet ms', geneva, sans-serif;\"><em><span style=\"color: #339966;\">Probleme im Grammatikerwerb<\/span><\/em><\/span><\/a><\/h3>\n<p>betrifft Satzbau, Wortschatz, Sprachverst\u00e4ndnis, Verwendung von Zeiten, Artikeln, Pr\u00e4positionen, &#8230;<\/p>\n<h3 style=\"text-align: center;\"><a href=\"http:\/\/www.logopaedie-weissl.at\/index.php\/sprache\/#VED\"><span style=\"font-family: 'trebuchet ms', geneva, sans-serif; color: #339966;\"><em>Verbale Entwicklungsdyspraxie<\/em><\/span><\/a><\/h3>\n<p>Lautbildungsst\u00f6rungen aufgrund eines fehlenden Bewegungsplans zur Bildung einzelner Laute<\/p>\n<h3 style=\"text-align: center;\"><a href=\"http:\/\/www.logopaedie-weissl.at\/index.php\/sprache\/#AVS\"><span style=\"font-family: 'trebuchet ms', geneva, sans-serif; color: #339966;\"><em>\u00a0Probleme in der phonologischen Bewusstheit<\/em><\/span><\/a><\/h3>\n<p>Schwierigkeiten im Bilden und Erkennen von Reimen und Silbenstrukturen, Probleme im Heraush\u00f6ren von Lauten und Differenzieren von \u00e4hnlich klingenden Lauten und W\u00f6rtern<\/p>\n<h3 style=\"text-align: center;\"><a style=\"color: #000000;\" href=\"http:\/\/www.logopaedie-weissl.at\/index.php\/hoeren\/#AVWS\"><span style=\"font-family: 'trebuchet ms', geneva, sans-serif; color: #339966;\"><em>Auditive Verarbeitungs- und Wahrnehmungsst\u00f6rung (AVWS)<\/em><\/span><\/a><\/h3>\n<p>St\u00f6rung der H\u00f6rwahrnehmung und -verarbeitung bei intaktem peripherem Geh\u00f6r mit Auswirkung auf Sprache, Sprachverst\u00e4ndnis, Lese-Sinnverst\u00e4ndnis, Rechtschreibung und Konzentration<\/p>\n<h3 style=\"text-align: center;\"><a href=\"http:\/\/www.logopaedie-weissl.at\/index.php\/lesen-und-schreiben\/\"><span style=\"font-family: 'trebuchet ms', geneva, sans-serif; color: #339966;\"><em>Lese-Rechtschreibschw\u00e4che<\/em><\/span><\/a><\/h3>\n<p>wurde fr\u00fcher als Legasthenie bezeichnet.<\/p>\n<h3 style=\"text-align: center;\"><a href=\"https:\/\/www.logopaedie-weissl.at\/index.php\/rechnen\/#rechenschwaeche\"><span style=\"color: #339966;\"><em><span style=\"font-family: 'trebuchet ms', geneva, sans-serif;\">Rechenschw\u00e4che<\/span><\/em><\/span><\/a><\/h3>\n<p><span style=\"font-size: 1rem;\">wird auch als Dyskalkulie bezeichnet.<\/span><\/p>\n<h3 style=\"text-align: center;\"><a href=\"http:\/\/www.logopaedie-weissl.at\/index.php\/stimme\/#JuvDysphonie\"><span style=\"font-family: 'trebuchet ms', geneva, sans-serif; color: #339966;\"><em>Kindliche Stimmst\u00f6rung<\/em><\/span><\/a><\/h3>\n<p>zeigt sich durch Heiserkeit, eine raue, gepresste und wenig belastbare Stimme, sekund\u00e4rorganische Ver\u00e4nderungen an den Stimmb\u00e4ndern (Schreikn\u00f6tchen)<\/p>\n","protected":false},"excerpt":{"rendered":"<p>Kinder Ich biete Beratung, Diagnostik und Therapie bei folgenden St\u00f6rungsbildern: Aussprachest\u00f6rungen Laute werden ausgelassen, ersetzt oder falsch gebildet Myofunktionelle St\u00f6rungen Mundatmung, falsche Zungenruhelage und Schluckmuster, Zahnfehlstellungen, frontoffener Biss, meist in Kombination mit Aussprachest\u00f6rungen Probleme im Grammatikerwerb betrifft Satzbau, Wortschatz, Sprachverst\u00e4ndnis, Verwendung von Zeiten, Artikeln, Pr\u00e4positionen, &#8230; Verbale Entwicklungsdyspraxie Lautbildungsst\u00f6rungen aufgrund eines fehlenden Bewegungsplans zur Bildung &hellip; <\/p>\n<p class=\"link-more\"><a href=\"https:\/\/www.logopaedie-weissl.at\/index.php\/kinder\/\" class=\"more-link\"><span class=\"screen-reader-text\">\u201eKinder\u201c<\/span> weiterlesen<\/a><\/p>\n","protected":false},"author":1,"featured_media":0,"parent":0,"menu_order":0,"comment_status":"closed","ping_status":"closed","template":"","meta":{"footnotes":""},"class_list":["post-118","page","type-page","status-publish","hentry"],"_links":{"self":[{"href":"https:\/\/www.logopaedie-weissl.at\/index.php\/wp-json\/wp\/v2\/pages\/118","targetHints":{"allow":["GET"]}}],"collection":[{"href":"https:\/\/www.logopaedie-weissl.at\/index.php\/wp-json\/wp\/v2\/pages"}],"about":[{"href":"https:\/\/www.logopaedie-weissl.at\/index.php\/wp-json\/wp\/v2\/types\/page"}],"author":[{"embeddable":true,"href":"https:\/\/www.logopaedie-weissl.at\/index.php\/wp-json\/wp\/v2\/users\/1"}],"replies":[{"embeddable":true,"href":"https:\/\/www.logopaedie-weissl.at\/index.php\/wp-json\/wp\/v2\/comments?post=118"}],"version-history":[{"count":22,"href":"https:\/\/www.logopaedie-weissl.at\/index.php\/wp-json\/wp\/v2\/pages\/118\/revisions"}],"predecessor-version":[{"id":524,"href":"https:\/\/www.logopaedie-weissl.at\/index.php\/wp-json\/wp\/v2\/pages\/118\/revisions\/524"}],"wp:attachment":[{"href":"https:\/\/www.logopaedie-weissl.at\/index.php\/wp-json\/wp\/v2\/media?parent=118"}],"curies":[{"name":"wp","href":"https:\/\/api.w.org\/{rel}","templated":true}]}}