{"id":493,"date":"2025-07-20T10:58:14","date_gmt":"2025-07-20T08:58:14","guid":{"rendered":"https:\/\/www.logopaedie-weissl.at\/?page_id=493"},"modified":"2025-07-20T11:20:17","modified_gmt":"2025-07-20T09:20:17","slug":"hoeren-auditive-verarbeitung","status":"publish","type":"page","link":"https:\/\/www.logopaedie-weissl.at\/index.php\/hoeren-auditive-verarbeitung\/","title":{"rendered":"H\u00f6ren"},"content":{"rendered":"<h1 style=\"text-align: right;\"><em><span style=\"font-family: 'trebuchet ms', geneva, sans-serif; font-size: 12pt;\">&#8222;Das Ohr ist der Weg zum Herzen&#8220;<br \/>\n<\/span><\/em><em><span style=\"font-size: 8pt;\">Madeleine de Scudery (1607 &#8211; 1701)<\/span><\/em><\/h1>\n<h1 style=\"text-align: center;\"><em><strong><span style=\"font-family: 'trebuchet ms', geneva, sans-serif; color: #339966;\">H\u00f6ren<\/span><\/strong><\/em><\/h1>\n<p>Das H\u00f6ren ist einer unserer wichtigsten Sinne und schon w\u00e4hrend der Schwangerschaft voll ausgepr\u00e4gt. Es erm\u00f6glicht uns den Zugang zur gesprochenen Sprache, bereichert unser Denken, erleichtert unsere Kommunikation und ist wichtiger Teil des sozialen Miteinanders.<a id=\"AVWS\"><\/a><\/p>\n<h2 style=\"text-align: center;\"><em><span style=\"font-family: 'trebuchet ms', geneva, sans-serif; color: #339966;\">Auditive Verarbeitungs- und Wahrnehmungsst\u00f6rung<\/span><\/em><\/h2>\n<p style=\"text-align: center;\"><em><span style=\"font-family: 'trebuchet ms', geneva, sans-serif;\">Symptome<\/span><\/em><\/p>\n<ul>\n<li><span style=\"font-family: 'trebuchet ms', geneva, sans-serif;\">Probleme, l\u00e4ngere H\u00f6ranweisungen zu verstehen und sich zu merken<\/span><\/li>\n<li><span style=\"font-family: 'trebuchet ms', geneva, sans-serif;\">Missverstehen von Fragen, Schwierigkeiten im Sprachverst\u00e4ndnis<\/span><\/li>\n<li><span style=\"font-family: 'trebuchet ms', geneva, sans-serif;\">kurze Aufmerksamkeitsspanne und Konzentrationsprobleme<\/span><\/li>\n<li><span style=\"font-family: 'trebuchet ms', geneva, sans-serif;\">Verwechslung \u00e4hnlich klingender W\u00f6rter und Buchstaben<\/span><\/li>\n<li><span style=\"font-family: 'trebuchet ms', geneva, sans-serif;\">Undeutliches Sprechen, verz\u00f6gerte Sprachentwicklung<\/span><\/li>\n<li><span style=\"font-family: 'trebuchet ms', geneva, sans-serif;\">\u00dcberempfindlichkeit gegen\u00fcber bestimmten Ger\u00e4uschen<\/span><\/li>\n<li><span style=\"font-family: 'trebuchet ms', geneva, sans-serif;\">flache monotone Stimme<\/span><\/li>\n<li><span style=\"font-family: 'trebuchet ms', geneva, sans-serif;\">Schwierigkeiten, beim Singen die Stimme zu halten<\/span><\/li>\n<li><span style=\"font-family: 'trebuchet ms', geneva, sans-serif;\">schlechtes Lese-Sinnverst\u00e4ndnis<\/span><\/li>\n<li><span style=\"font-family: 'trebuchet ms', geneva, sans-serif;\">viele Rechtschreibfehler<\/span><\/li>\n<\/ul>\n<p style=\"text-align: center;\"><em><span style=\"font-family: 'trebuchet ms', geneva, sans-serif;\">Ursachen<\/span><\/em><\/p>\n<ul>\n<li><span style=\"font-family: 'trebuchet ms', geneva, sans-serif;\">h\u00e4ufige Hals-Nasen-Ohrenerkrankungen (vor allem Paukenerg\u00fcsse) mit vor\u00fcbergehenden H\u00f6reinschr\u00e4nkungen<\/span><\/li>\n<li><span style=\"font-family: 'trebuchet ms', geneva, sans-serif;\">mangelhafte auditive Anregung oder st\u00e4ndige auditive Reiz\u00fcberflutung<a id=\"JIAS\"><\/a> <\/span><\/li>\n<\/ul>\n<p style=\"text-align: center;\"><em><span style=\"font-family: 'trebuchet ms', geneva, sans-serif;\">Therapie<\/span><\/em><\/p>\n<p><span style=\"font-family: 'trebuchet ms', geneva, sans-serif;\">H\u00f6rtraining nach Johansen: <em>&#8222;Johansen Individualisierte Analyse Stimulation&#8220; <\/em>(JIAS)<\/span><\/p>\n<p><span style=\"font-family: 'trebuchet ms', geneva, sans-serif;\">Dieses individualisierte (auf die pers\u00f6nliche H\u00f6rkurve angepasste) frequenz- und hemisp\u00e4renspezifische H\u00f6rtraining funktioniert mittels eigens komponierter Musik, die \u00fcber mehrere Wochen t\u00e4glich 10 &#8211; 15 Minuten lang geh\u00f6rt wird. Dadurch wird die H\u00f6rverarbeitung geschult und trainiert.<\/span><\/p>\n<p><span style=\"font-family: 'trebuchet ms', geneva, sans-serif;\">Es erfolgt eine Verbesserung in den Bereichen Konzentration, Aufmerksamkeit, Differenzierung \u00e4hnlich klingender Laute und Buchstaben, Sprachverst\u00e4ndnis und Rechtschreibung.<\/span><\/p>\n<p><span style=\"font-family: 'trebuchet ms', geneva, sans-serif;\">N\u00e4here Infos dazu unter <a href=\"http:\/\/www.jias.at\" target=\"_blank\" rel=\"noopener\">www.jias.at<\/a> bzw. <a href=\"http:\/\/www.jias.de\" target=\"_blank\" rel=\"noopener\">www.jias.de<\/a><\/span><\/p>\n<p>&nbsp;<\/p>\n","protected":false},"excerpt":{"rendered":"<p>&#8222;Das Ohr ist der Weg zum Herzen&#8220; Madeleine de Scudery (1607 &#8211; 1701) H\u00f6ren Das H\u00f6ren ist einer unserer wichtigsten Sinne und schon w\u00e4hrend der Schwangerschaft voll ausgepr\u00e4gt. Es erm\u00f6glicht uns den Zugang zur gesprochenen Sprache, bereichert unser Denken, erleichtert unsere Kommunikation und ist wichtiger Teil des sozialen Miteinanders. Auditive Verarbeitungs- und Wahrnehmungsst\u00f6rung Symptome Probleme, &hellip; <\/p>\n<p class=\"link-more\"><a href=\"https:\/\/www.logopaedie-weissl.at\/index.php\/hoeren-auditive-verarbeitung\/\" class=\"more-link\"><span class=\"screen-reader-text\">\u201eH\u00f6ren\u201c<\/span> weiterlesen<\/a><\/p>\n","protected":false},"author":1,"featured_media":0,"parent":0,"menu_order":0,"comment_status":"closed","ping_status":"closed","template":"","meta":{"footnotes":""},"class_list":["post-493","page","type-page","status-publish","hentry"],"_links":{"self":[{"href":"https:\/\/www.logopaedie-weissl.at\/index.php\/wp-json\/wp\/v2\/pages\/493","targetHints":{"allow":["GET"]}}],"collection":[{"href":"https:\/\/www.logopaedie-weissl.at\/index.php\/wp-json\/wp\/v2\/pages"}],"about":[{"href":"https:\/\/www.logopaedie-weissl.at\/index.php\/wp-json\/wp\/v2\/types\/page"}],"author":[{"embeddable":true,"href":"https:\/\/www.logopaedie-weissl.at\/index.php\/wp-json\/wp\/v2\/users\/1"}],"replies":[{"embeddable":true,"href":"https:\/\/www.logopaedie-weissl.at\/index.php\/wp-json\/wp\/v2\/comments?post=493"}],"version-history":[{"count":12,"href":"https:\/\/www.logopaedie-weissl.at\/index.php\/wp-json\/wp\/v2\/pages\/493\/revisions"}],"predecessor-version":[{"id":521,"href":"https:\/\/www.logopaedie-weissl.at\/index.php\/wp-json\/wp\/v2\/pages\/493\/revisions\/521"}],"wp:attachment":[{"href":"https:\/\/www.logopaedie-weissl.at\/index.php\/wp-json\/wp\/v2\/media?parent=493"}],"curies":[{"name":"wp","href":"https:\/\/api.w.org\/{rel}","templated":true}]}}